{"id":8646,"date":"2023-07-09T12:17:09","date_gmt":"2023-07-09T12:17:09","guid":{"rendered":"https:\/\/www.kampbrda.com\/?page_id=8646"},"modified":"2025-07-21T10:37:54","modified_gmt":"2025-07-21T10:37:54","slug":"kamp-brda-e-bike","status":"publish","type":"page","link":"https:\/\/www.kampbrda.com\/it\/kamp-brda-e-bike\/","title":{"rendered":"Kamp Brda e-Bike"},"content":{"rendered":"<p>[vc_row row_content_width=&#8221;grid&#8221; css=&#8221;.vc_custom_1649930494940{padding-top: 110px !important;padding-bottom: 135px !important;}&#8221;][vc_column offset=&#8221;vc_col-lg-12 vc_col-md-12&#8243;]<div class=\"eltd-elements-holder   eltd-one-column  eltd-responsive-mode-768 eltd-one-column-alignment-center\" ><div class=\"eltd-eh-item   eltd-horizontal-alignment-center \" style=\"background-color: #ffffff\" data-item-class=\"eltd-eh-custom-7596\">\n\t<div class=\"eltd-eh-item-inner\">\n\t\t<div class=\"eltd-eh-item-content eltd-eh-custom-7596\" >\n\t\t\t[vc_column_text css=&#8221;.vc_custom_1753094269315{padding-right: 10% !important;padding-left: 10% !important;}&#8221;]<\/p>\n<h3 style=\"text-align: center;\">Listino noleggio <strong>e-Bike<\/strong><\/h3>\n<p style=\"text-align: center;\" data-start=\"71\" data-end=\"112\">Prezzo per un giorno di noleggio:<strong data-start=\"71\" data-end=\"112\"> 50\u20ac<\/strong><\/p>\n<p style=\"text-align: center;\" data-start=\"114\" data-end=\"317\" data-is-last-node=\"\" data-is-only-node=\"\">Al Campeggio Brda offriamo un prezzo vantaggioso per il noleggio di e-bike a lungo termine \u2013 scoprite i sentieri magici tra i vigneti e i punti panoramici del Collio Sloveno in modo comodo e sostenibile!<\/p>\n<p>[\/vc_column_text][vc_empty_space height=&#8221;40px&#8221;]<a itemprop=\"url\" href=\"https:\/\/www.kampbrda.com\/contact-us-light\/?lang=it\" target=\"_self\"  class=\"eltd-btn eltd-btn-medium eltd-btn-solid eltd-btn-line-left eltd-btn-animation-enabled\"  >\n    <span class=\"eltd-btn-text\">RENT E-BIKE<\/span>\n\n        \t<span class=\"eltd-btn-hover-overlay\" ><\/span>\n    \n    <\/a>[vc_empty_space height=&#8221;40px&#8221;]\t\t<\/div>\n\t<\/div>\n<\/div><\/div>[vc_empty_space height=&#8221;40px&#8221;]<div class=\"eltd-elements-holder   eltd-one-column  eltd-responsive-mode-768 eltd-one-column-alignment-center\" ><div class=\"eltd-eh-item   eltd-horizontal-alignment-center \" style=\"background-color: #ffffff\" data-item-class=\"eltd-eh-custom-5809\">\n\t<div class=\"eltd-eh-item-inner\">\n\t\t<div class=\"eltd-eh-item-content eltd-eh-custom-5809\" >\n\t\t\t[vc_column_text css=&#8221;.vc_custom_1688905173583{padding-top: 10% !important;padding-right: 10% !important;padding-bottom: 10% !important;padding-left: 10% !important;}&#8221;]<\/p>\n<h3><strong>CICLISMO NELLE VICINANZE &#8211; KAMP BRDA<\/strong><\/h3>\n<p>Gori\u0161ka Brda offre splendidi panorami e innumerevoli sentieri che sono pi\u00f9 facili da percorrere con una bici elettrica! Da Podsabotin si possono facilmente pedalare attraverso i punti pi\u00f9 belli, visitando anche la Valle dell&#8217;Isonzo, la Valle del Vipava e il Collio italiano. Abbiamo preparato per voi tre piste ciclabili, a partire dal campeggio Brda. Scarica un&#8217;app gratuita che ti guider\u00e0 lungo i percorsi:[\/vc_column_text]\t\t<\/div>\n\t<\/div>\n<\/div><\/div>[vc_empty_space height=&#8221;40px&#8221;]<div class=\"eltd-elements-holder   eltd-two-columns  eltd-responsive-mode-768 \" ><div class=\"eltd-eh-item   eltd-horizontal-alignment-center \"  data-item-class=\"eltd-eh-custom-8210\" data-1280-1600=\"0 24%\" data-1024-1280=\"0 20% 5px 20%\" data-768-1024=\"0 12% 4px 12%\" data-680-768=\"100px 24%\" data-680=\"80px 5%\">\n\t<div class=\"eltd-eh-item-inner\">\n\t\t<div class=\"eltd-eh-item-content eltd-eh-custom-8210\" style=\"padding: 0 26% 5px 26%\">\n\t\t\t<div class=\"eltd-section-title-holder eltd-separator-disabled  \" >\n    <div class=\"eltd-section-title-inner\">\n                    <h5 class=\"eltd-st-subtitle\" >\n                <span>e-Bike con Kamp Brda<\/span>\n            <\/h5>\n                            <h2 class=\"eltd-st-title \" >\n                <span class=\"eltd-st-before\">Brda<\/span>\n                <span>&amp; Collio<\/span>\n            <\/h2>\n                            <p class=\"eltd-st-text\" style=\"font-size: 15px;line-height: 28px\">Pedalata vigorosa sulle colline vinicole di Gori\u0161ka Brda. Dal campeggio Brda si attraversa prima la parte italiana del Collio, attraverso Oslavje, \u0160teverjan. Si prosegue attraverso Medana, Dobrovo e \u0160martno, dove si consiglia una visita alla torre panoramica di Goja\u010da. Tutto ci\u00f2 che segue \u00e8 una discesa spensierata fino al punto di partenza.<\/p>\n                    <\/div>\n<\/div>[vc_empty_space height=&#8221;40px&#8221;]<a itemprop=\"url\" href=\"https:\/\/www.kampbrda.com\/contact-us-light\/?lang=it\" target=\"_self\"  class=\"eltd-btn eltd-btn-medium eltd-btn-solid eltd-btn-line-left eltd-btn-animation-enabled\"  >\n    <span class=\"eltd-btn-text\">NOLEGGIO E-BIKE<\/span>\n\n        \t<span class=\"eltd-btn-hover-overlay\" ><\/span>\n    \n    <\/a>\t\t<\/div>\n\t<\/div>\n<\/div><div class=\"eltd-eh-item    \"  data-item-class=\"eltd-eh-custom-1244\">\n\t<div class=\"eltd-eh-item-inner\">\n\t\t<div class=\"eltd-eh-item-content eltd-eh-custom-1244\" >\n\t\t\t[vc_column_text][\/vc_column_text][vc_raw_html]JTNDaWZyYW1lJTIwc3JjJTNEJTIyaHR0cHMlM0ElMkYlMkZ3d3cuZ29vZ2xlLmNvbSUyRm1hcHMlMkZkJTJGZW1iZWQlM0ZtaWQlM0QxRXFFZzItd1dzaTlSaXZoNFRjeDduQmFaVVJEWUF1dyUyNmhsJTNEZW4lMjZlaGJjJTNEMkUzMTJGJTIyJTIwd2lkdGglM0QlMjI2NDAlMjIlMjBoZWlnaHQlM0QlMjI0ODAlMjIlM0UlM0MlMkZpZnJhbWUlM0U=[\/vc_raw_html]\t\t<\/div>\n\t<\/div>\n<\/div><\/div>[vc_empty_space height=&#8221;40px&#8221;]<div class=\"eltd-elements-holder   eltd-two-columns  eltd-responsive-mode-768 \" ><div class=\"eltd-eh-item   eltd-horizontal-alignment-center \"  data-item-class=\"eltd-eh-custom-1550\" data-1280-1600=\"0 24%\" data-1024-1280=\"0 20% 5px 20%\" data-768-1024=\"0 12% 4px 12%\" data-680-768=\"100px 24%\" data-680=\"80px 5%\">\n\t<div class=\"eltd-eh-item-inner\">\n\t\t<div class=\"eltd-eh-item-content eltd-eh-custom-1550\" style=\"padding: 0 26% 5px 26%\">\n\t\t\t<div class=\"eltd-section-title-holder eltd-separator-disabled  \" >\n    <div class=\"eltd-section-title-inner\">\n                    <h5 class=\"eltd-st-subtitle\" >\n                <span>e-Bike con Kamp Brda<\/span>\n            <\/h5>\n                            <h2 class=\"eltd-st-title \" >\n                <span class=\"eltd-st-before\">Salita<\/span>\n                <span>su Monte Sabotin<\/span>\n            <\/h2>\n                            <p class=\"eltd-st-text\" style=\"font-size: 15px;line-height: 28px\">Questo sentiero porta al Sabotino, cima panoramica e punto storico della prima guerra mondiale. Tra poco ti aspetta una salita ripida e impegnativa, ma con le E-bike puoi raggiungere anche chi \u00e8 meno allenato. In cima, concediti una pausa e un rinfresco e termina il viaggio con una ripida discesa fino al punto di partenza.<\/p>\n                    <\/div>\n<\/div>[vc_empty_space height=&#8221;40px&#8221;]<a itemprop=\"url\" href=\"https:\/\/www.kampbrda.com\/contact-us-light\/?lang=it\" target=\"_self\"  class=\"eltd-btn eltd-btn-medium eltd-btn-solid eltd-btn-line-left eltd-btn-animation-enabled\"  >\n    <span class=\"eltd-btn-text\">NOLEGGIO E-BIKE<\/span>\n\n        \t<span class=\"eltd-btn-hover-overlay\" ><\/span>\n    \n    <\/a>\t\t<\/div>\n\t<\/div>\n<\/div><div class=\"eltd-eh-item    \"  data-item-class=\"eltd-eh-custom-6870\">\n\t<div class=\"eltd-eh-item-inner\">\n\t\t<div class=\"eltd-eh-item-content eltd-eh-custom-6870\" >\n\t\t\t[vc_raw_html]JTNDaWZyYW1lJTIwc3JjJTNEJTIyaHR0cHMlM0ElMkYlMkZ3d3cuZ29vZ2xlLmNvbSUyRm1hcHMlMkZkJTJGZW1iZWQlM0ZtaWQlM0QxZnJSUkpTUkx2YUdlTEFzTHJwcTJuNmNLX3ZDTktCTSUyNmhsJTNEZW4lMjZlaGJjJTNEMkUzMTJGJTIyJTIwd2lkdGglM0QlMjI2NDAlMjIlMjBoZWlnaHQlM0QlMjI0ODAlMjIlM0UlM0MlMkZpZnJhbWUlM0U=[\/vc_raw_html][vc_column_text][\/vc_column_text]\t\t<\/div>\n\t<\/div>\n<\/div><\/div>[vc_empty_space height=&#8221;40px&#8221;]<div class=\"eltd-elements-holder   eltd-two-columns  eltd-responsive-mode-768 \" ><div class=\"eltd-eh-item   eltd-horizontal-alignment-center \"  data-item-class=\"eltd-eh-custom-8089\" data-1280-1600=\"0 24%\" data-1024-1280=\"0 20% 5px 20%\" data-768-1024=\"0 12% 4px 12%\" data-680-768=\"100px 24%\" data-680=\"80px 5%\">\n\t<div class=\"eltd-eh-item-inner\">\n\t\t<div class=\"eltd-eh-item-content eltd-eh-custom-8089\" style=\"padding: 0 26% 5px 26%\">\n\t\t\t<div class=\"eltd-section-title-holder eltd-separator-disabled  \" >\n    <div class=\"eltd-section-title-inner\">\n                    <h5 class=\"eltd-st-subtitle\" >\n                <span>e-Bike con Kamp Brda<\/span>\n            <\/h5>\n                            <h2 class=\"eltd-st-title \" >\n                <span class=\"eltd-st-before\">Lungo il Fiume<\/span>\n                <span>So\u010da<\/span>\n            <\/h2>\n                            <p class=\"eltd-st-text\" style=\"font-size: 15px;line-height: 28px\">La scelta migliore per andare in bicicletta in una calda giornata estiva! Da Kamp Brda si pedala fino a Solkan, poi lungo la pista ciclabile lungo il fiume So\u010da fino al villaggio di Plave. Vi aspetta la salita attraverso Vrhovelje fino a Brda, dove potete prolungare il viaggio visitando la torre panoramica a Goja\u010de e \u0160martno.<\/p>\n                    <\/div>\n<\/div>[vc_empty_space height=&#8221;40px&#8221;]<a itemprop=\"url\" href=\"https:\/\/www.kampbrda.com\/contact-us-light\/?lang=it\" target=\"_self\"  class=\"eltd-btn eltd-btn-medium eltd-btn-solid eltd-btn-line-left eltd-btn-animation-enabled\"  >\n    <span class=\"eltd-btn-text\">NOLEGGIO E-BIKE<\/span>\n\n        \t<span class=\"eltd-btn-hover-overlay\" ><\/span>\n    \n    <\/a>\t\t<\/div>\n\t<\/div>\n<\/div><div class=\"eltd-eh-item    \"  data-item-class=\"eltd-eh-custom-1549\">\n\t<div class=\"eltd-eh-item-inner\">\n\t\t<div class=\"eltd-eh-item-content eltd-eh-custom-1549\" >\n\t\t\t[vc_raw_html]JTNDaWZyYW1lJTIwc3JjJTNEJTIyaHR0cHMlM0ElMkYlMkZ3d3cuZ29vZ2xlLmNvbSUyRm1hcHMlMkZkJTJGZW1iZWQlM0ZtaWQlM0QxSUROb3c5T043bE5LMF9PNXJwN1NaZmNVSnJnVlB1ZyUyNmhsJTNEZW4lMjZlaGJjJTNEMkUzMTJGJTIyJTIwd2lkdGglM0QlMjI2NDAlMjIlMjBoZWlnaHQlM0QlMjI0ODAlMjIlM0UlM0MlMkZpZnJhbWUlM0U=[\/vc_raw_html][vc_column_text][\/vc_column_text]\t\t<\/div>\n\t<\/div>\n<\/div><\/div>[vc_empty_space height=&#8221;40px&#8221;]<div class=\"eltd-elements-holder   eltd-one-column  eltd-responsive-mode-768 eltd-one-column-alignment-center\" ><div class=\"eltd-eh-item   eltd-horizontal-alignment-center \" style=\"background-color: #ffffff\" data-item-class=\"eltd-eh-custom-3393\">\n\t<div class=\"eltd-eh-item-inner\">\n\t\t<div class=\"eltd-eh-item-content eltd-eh-custom-3393\" >\n\t\t\t[vc_column_text css=&#8221;.vc_custom_1688905438689{padding-top: 10% !important;padding-right: 10% !important;padding-bottom: 10% !important;padding-left: 10% !important;}&#8221;]<\/p>\n<h2>Offerta ciclistica aggiuntiva in <strong>Kamp Brda<\/strong><\/h2>\n<ul>\n<li>Assistenza ai ciclisti in campo<\/li>\n<li>Ciclismo per gruppi, programmi di team building<\/li>\n<li>Gite in bicicletta guidate con degustazioni<\/li>\n<\/ul>\n<h4><strong>Kamp Brda<\/strong> ti offre la migliore esperienza ciclistica nella regione di Gori\u0161ka Brda.<\/h4>\n<p>[\/vc_column_text]\t\t<\/div>\n\t<\/div>\n<\/div><\/div>[\/vc_column][\/vc_row]<\/p>\n","protected":false},"excerpt":{"rendered":"<p>[vc_row row_content_width=&#8221;grid&#8221; css=&#8221;.vc_custom_1649930494940{padding-top: 110px !important;padding-bottom: 135px !important;}&#8221;][vc_column offset=&#8221;vc_col-lg-12 vc_col-md-12&#8243;][vc_empty_space height=&#8221;40px&#8221;][vc_empty_space height=&#8221;40px&#8221;][vc_empty_space height=&#8221;40px&#8221;][vc_empty_space height=&#8221;40px&#8221;][vc_empty_space height=&#8221;40px&#8221;][\/vc_column][\/vc_row]<\/p>\n","protected":false},"author":2,"featured_media":8572,"parent":0,"menu_order":0,"comment_status":"closed","ping_status":"closed","template":"full-width.php","meta":{"_monsterinsights_skip_tracking":false,"_monsterinsights_sitenote_active":false,"_monsterinsights_sitenote_note":"","_monsterinsights_sitenote_category":0},"yoast_head":"<!-- This site is optimized with the Yoast SEO plugin v19.13 - https:\/\/yoast.com\/wordpress\/plugins\/seo\/ -->\n<title>Kamp Brda e-Bike - Kamp Brda<\/title>\n<meta name=\"description\" content=\"Perfect stop for a scenic landscape e-Bike tour around our camp with delicious dishes and beautiful swimming pool.\" \/>\n<meta name=\"robots\" content=\"index, follow, max-snippet:-1, max-image-preview:large, max-video-preview:-1\" \/>\n<link rel=\"canonical\" href=\"https:\/\/www.kampbrda.com\/it\/kamp-brda-e-bike\/\" \/>\n<meta property=\"og:locale\" content=\"it_IT\" \/>\n<meta property=\"og:type\" content=\"article\" \/>\n<meta property=\"og:title\" content=\"Kamp Brda e-Bike - Kamp Brda\" \/>\n<meta property=\"og:description\" content=\"Perfect stop for a scenic landscape e-Bike tour around our camp with delicious dishes and beautiful swimming pool.\" \/>\n<meta property=\"og:url\" content=\"https:\/\/www.kampbrda.com\/it\/kamp-brda-e-bike\/\" \/>\n<meta property=\"og:site_name\" content=\"Kamp Brda\" \/>\n<meta property=\"article:modified_time\" content=\"2025-07-21T10:37:54+00:00\" \/>\n<meta property=\"og:image\" content=\"https:\/\/www.kampbrda.com\/wp-content\/uploads\/2023\/07\/2023_06_14_13_49_39_D7A6041_Foto_Jure_Batagelj_resize-scaled.jpg\" \/>\n\t<meta property=\"og:image:width\" content=\"2560\" \/>\n\t<meta property=\"og:image:height\" content=\"1707\" \/>\n\t<meta property=\"og:image:type\" content=\"image\/jpeg\" \/>\n<meta name=\"twitter:card\" content=\"summary_large_image\" \/>\n<meta name=\"twitter:label1\" content=\"Tempo di lettura stimato\" \/>\n\t<meta name=\"twitter:data1\" content=\"3 minuti\" \/>\n<script type=\"application\/ld+json\" class=\"yoast-schema-graph\">{\"@context\":\"https:\/\/schema.org\",\"@graph\":[{\"@type\":\"WebPage\",\"@id\":\"https:\/\/www.kampbrda.com\/it\/kamp-brda-e-bike\/\",\"url\":\"https:\/\/www.kampbrda.com\/it\/kamp-brda-e-bike\/\",\"name\":\"Kamp Brda e-Bike - Kamp Brda\",\"isPartOf\":{\"@id\":\"https:\/\/www.kampbrda.com\/#website\"},\"datePublished\":\"2023-07-09T12:17:09+00:00\",\"dateModified\":\"2025-07-21T10:37:54+00:00\",\"description\":\"Perfect stop for a scenic landscape e-Bike tour around our camp with delicious dishes and beautiful swimming pool.\",\"breadcrumb\":{\"@id\":\"https:\/\/www.kampbrda.com\/it\/kamp-brda-e-bike\/#breadcrumb\"},\"inLanguage\":\"it-IT\",\"potentialAction\":[{\"@type\":\"ReadAction\",\"target\":[\"https:\/\/www.kampbrda.com\/it\/kamp-brda-e-bike\/\"]}]},{\"@type\":\"BreadcrumbList\",\"@id\":\"https:\/\/www.kampbrda.com\/it\/kamp-brda-e-bike\/#breadcrumb\",\"itemListElement\":[{\"@type\":\"ListItem\",\"position\":1,\"name\":\"Home\",\"item\":\"https:\/\/www.kampbrda.com\/it\/\"},{\"@type\":\"ListItem\",\"position\":2,\"name\":\"Kamp Brda e-Bike\"}]},{\"@type\":\"WebSite\",\"@id\":\"https:\/\/www.kampbrda.com\/#website\",\"url\":\"https:\/\/www.kampbrda.com\/\",\"name\":\"Kamp Brda\",\"description\":\"Camping Village with Rooms and Restaurant in Gori\u0161ka Brda\",\"potentialAction\":[{\"@type\":\"SearchAction\",\"target\":{\"@type\":\"EntryPoint\",\"urlTemplate\":\"https:\/\/www.kampbrda.com\/?s={search_term_string}\"},\"query-input\":\"required name=search_term_string\"}],\"inLanguage\":\"it-IT\"}]}<\/script>\n<!-- \/ Yoast SEO plugin. -->","yoast_head_json":{"title":"Kamp Brda e-Bike - Kamp Brda","description":"Perfect stop for a scenic landscape e-Bike tour around our camp with delicious dishes and beautiful swimming pool.","robots":{"index":"index","follow":"follow","max-snippet":"max-snippet:-1","max-image-preview":"max-image-preview:large","max-video-preview":"max-video-preview:-1"},"canonical":"https:\/\/www.kampbrda.com\/it\/kamp-brda-e-bike\/","og_locale":"it_IT","og_type":"article","og_title":"Kamp Brda e-Bike - Kamp Brda","og_description":"Perfect stop for a scenic landscape e-Bike tour around our camp with delicious dishes and beautiful swimming pool.","og_url":"https:\/\/www.kampbrda.com\/it\/kamp-brda-e-bike\/","og_site_name":"Kamp Brda","article_modified_time":"2025-07-21T10:37:54+00:00","og_image":[{"width":2560,"height":1707,"url":"https:\/\/www.kampbrda.com\/wp-content\/uploads\/2023\/07\/2023_06_14_13_49_39_D7A6041_Foto_Jure_Batagelj_resize-scaled.jpg","type":"image\/jpeg"}],"twitter_card":"summary_large_image","twitter_misc":{"Tempo di lettura stimato":"3 minuti"},"schema":{"@context":"https:\/\/schema.org","@graph":[{"@type":"WebPage","@id":"https:\/\/www.kampbrda.com\/it\/kamp-brda-e-bike\/","url":"https:\/\/www.kampbrda.com\/it\/kamp-brda-e-bike\/","name":"Kamp Brda e-Bike - Kamp Brda","isPartOf":{"@id":"https:\/\/www.kampbrda.com\/#website"},"datePublished":"2023-07-09T12:17:09+00:00","dateModified":"2025-07-21T10:37:54+00:00","description":"Perfect stop for a scenic landscape e-Bike tour around our camp with delicious dishes and beautiful swimming pool.","breadcrumb":{"@id":"https:\/\/www.kampbrda.com\/it\/kamp-brda-e-bike\/#breadcrumb"},"inLanguage":"it-IT","potentialAction":[{"@type":"ReadAction","target":["https:\/\/www.kampbrda.com\/it\/kamp-brda-e-bike\/"]}]},{"@type":"BreadcrumbList","@id":"https:\/\/www.kampbrda.com\/it\/kamp-brda-e-bike\/#breadcrumb","itemListElement":[{"@type":"ListItem","position":1,"name":"Home","item":"https:\/\/www.kampbrda.com\/it\/"},{"@type":"ListItem","position":2,"name":"Kamp Brda e-Bike"}]},{"@type":"WebSite","@id":"https:\/\/www.kampbrda.com\/#website","url":"https:\/\/www.kampbrda.com\/","name":"Kamp Brda","description":"Camping Village with Rooms and Restaurant in Gori\u0161ka Brda","potentialAction":[{"@type":"SearchAction","target":{"@type":"EntryPoint","urlTemplate":"https:\/\/www.kampbrda.com\/?s={search_term_string}"},"query-input":"required name=search_term_string"}],"inLanguage":"it-IT"}]}},"_links":{"self":[{"href":"https:\/\/www.kampbrda.com\/it\/wp-json\/wp\/v2\/pages\/8646"}],"collection":[{"href":"https:\/\/www.kampbrda.com\/it\/wp-json\/wp\/v2\/pages"}],"about":[{"href":"https:\/\/www.kampbrda.com\/it\/wp-json\/wp\/v2\/types\/page"}],"author":[{"embeddable":true,"href":"https:\/\/www.kampbrda.com\/it\/wp-json\/wp\/v2\/users\/2"}],"replies":[{"embeddable":true,"href":"https:\/\/www.kampbrda.com\/it\/wp-json\/wp\/v2\/comments?post=8646"}],"version-history":[{"count":5,"href":"https:\/\/www.kampbrda.com\/it\/wp-json\/wp\/v2\/pages\/8646\/revisions"}],"predecessor-version":[{"id":8808,"href":"https:\/\/www.kampbrda.com\/it\/wp-json\/wp\/v2\/pages\/8646\/revisions\/8808"}],"wp:featuredmedia":[{"embeddable":true,"href":"https:\/\/www.kampbrda.com\/it\/wp-json\/wp\/v2\/media\/8572"}],"wp:attachment":[{"href":"https:\/\/www.kampbrda.com\/it\/wp-json\/wp\/v2\/media?parent=8646"}],"curies":[{"name":"wp","href":"https:\/\/api.w.org\/{rel}","templated":true}]}}